{"id":20886,"date":"2026-03-13T18:20:35","date_gmt":"2026-03-13T18:20:35","guid":{"rendered":"https:\/\/escal.com.tr\/aluminyum-profil\/?page_id=20886"},"modified":"2026-03-13T18:20:36","modified_gmt":"2026-03-13T18:20:36","slug":"aluminyum-fiyat-plise-pvc-sineklik-icin-profil","status":"publish","type":"page","link":"https:\/\/escal.com.tr\/aluminyum-profil\/aluminyum-fiyat-plise-pvc-sineklik-icin-profil\/","title":{"rendered":"Al\u00fcminyum fiyat plise pvc sineklik i\u00e7in profil"},"content":{"rendered":"\n<h2 class=\"wp-block-wd-title title wd-61530da6\">Plise Sineklik Profil Fiyatlar\u0131<\/h2>\n\n\n\n<p class=\"wp-block-wd-paragraph wd-ad423f3a\"><strong>Plise sineklik profil fiyatlar\u0131<\/strong>, kullan\u0131lan malzeme, profil \u00f6l\u00e7\u00fcleri, et kal\u0131nl\u0131\u011f\u0131 ve y\u00fczey i\u015flemine g\u00f6re de\u011fi\u015fkenlik g\u00f6sterir. Al\u00fcminyum profiller, PVC profillere g\u00f6re daha y\u00fcksek maliyetli ancak daha dayan\u0131kl\u0131d\u0131r. Toplu al\u0131mlarda birim fiyat avantaj\u0131 sa\u011flan\u0131r. Plise sineklik sistemleri i\u00e7in \u00f6zel olarak tasarlanm\u0131\u015f profiller, standart sineklik profillerinden farkl\u0131d\u0131r.<\/p>\n\n\n\n<div class=\"wp-block-wd-divider wd-style-line wd-be295324\"><\/div>\n\n\n\n<h2 class=\"wp-block-wd-title title wd-8959dfec\">PVC Sineklik Profili<\/h2>\n\n\n\n<p class=\"wp-block-wd-paragraph wd-8c0685b3\"><strong>PVC sineklik profili<\/strong>, polivinil klor\u00fcr malzemeden \u00fcretilen, ekonomik ve hafif sineklik profilleridir. Al\u00fcminyuma alternatif olarak tercih edilen PVC profiller, d\u00fc\u015f\u00fck maliyet avantaj\u0131 sunar.<\/p>\n\n\n\n<p class=\"wp-block-wd-paragraph wd-b55bee22\"><strong>\u00d6zellikleri:<\/strong><\/p>\n\n\n\n<ul class=\"wp-block-list\">\n<li>Ekonomik fiyat<\/li>\n\n\n\n<li>Hafif yap\u0131<\/li>\n\n\n\n<li>Kolay i\u015flenebilirlik<\/li>\n\n\n\n<li>\u00c7e\u015fitli renk se\u00e7enekleri<\/li>\n\n\n\n<li>Korozyona kar\u015f\u0131 diren\u00e7li<\/li>\n<\/ul>\n\n\n\n<p class=\"wp-block-wd-paragraph wd-6ce6a570\"><strong>Dezavantajlar\u0131:<\/strong><\/p>\n\n\n\n<ul class=\"wp-block-list\">\n<li>Al\u00fcminyum kadar dayan\u0131kl\u0131 de\u011fil<\/li>\n\n\n\n<li>UV \u0131\u015f\u0131nlar\u0131na kar\u015f\u0131 zamanla renk solmas\u0131 yapabilir<\/li>\n\n\n\n<li>D\u00fc\u015f\u00fck s\u0131cakl\u0131klarda k\u0131r\u0131lganl\u0131k g\u00f6sterebilir<\/li>\n\n\n\n<li>Uzun \u00f6m\u00fcrl\u00fc kullan\u0131m i\u00e7in al\u00fcminyum kadar ideal de\u011fil<\/li>\n<\/ul>\n\n\n\n<div class=\"wp-block-wd-divider wd-style-line wd-b02ca5c6\"><\/div>\n\n\n\n<h2 class=\"wp-block-wd-title title wd-3464b78a\">PVC Sineklik Profili Fiyatlar\u0131<\/h2>\n\n\n\n<p class=\"wp-block-wd-paragraph wd-2bfbe0fa\"><strong>PVC sineklik profili fiyatlar\u0131<\/strong>, al\u00fcminyum profillere g\u00f6re daha ekonomiktir. Profil \u00f6l\u00e7\u00fcleri, et kal\u0131nl\u0131\u011f\u0131 ve renk se\u00e7eneklerine g\u00f6re fiyatlar de\u011fi\u015fir. Toplu al\u0131mlarda birim fiyat avantaj\u0131 sa\u011flan\u0131r. PVC profiller, \u00f6zellikle ge\u00e7ici \u00e7\u00f6z\u00fcmler veya d\u00fc\u015f\u00fck b\u00fct\u00e7eli projeler i\u00e7in tercih edilir.<\/p>\n\n\n\n<div class=\"wp-block-wd-divider wd-style-line wd-349b79d6\"><\/div>\n\n\n\n<h2 class=\"wp-block-wd-title title wd-91a8e22f\">Sineklik Al\u00fcminyum Profil<\/h2>\n\n\n\n<p class=\"wp-block-wd-paragraph wd-1eb2e857\"><strong>Sineklik al\u00fcminyum profil<\/strong>, pencere ve kap\u0131 sineklik sistemlerinde en yayg\u0131n kullan\u0131lan profil \u00e7e\u015fididir. 6063 al\u00fcminyum ala\u015f\u0131m\u0131ndan \u00fcretilir, hafif, dayan\u0131kl\u0131 ve korozyona kar\u015f\u0131 diren\u00e7lidir. Profil i\u00e7erisinde sinek teli kanal\u0131, fitil kanal\u0131, vida kanal\u0131 ve k\u00f6\u015fe birle\u015ftirme kanallar\u0131 bulunur.<\/p>\n\n\n\n<p class=\"wp-block-wd-paragraph wd-81f39b05\"><strong>Avantajlar\u0131:<\/strong><\/p>\n\n\n\n<ul class=\"wp-block-list\">\n<li>Y\u00fcksek dayan\u0131kl\u0131l\u0131k ve uzun \u00f6m\u00fcr<\/li>\n\n\n\n<li>Korozyona kar\u015f\u0131 diren\u00e7<\/li>\n\n\n\n<li>Estetik g\u00f6r\u00fcn\u00fcm<\/li>\n\n\n\n<li>\u00c7e\u015fitli renk se\u00e7enekleri (eloksal, toz boya)<\/li>\n\n\n\n<li>UV \u0131\u015f\u0131nlar\u0131na dayan\u0131kl\u0131<\/li>\n\n\n\n<li>Geri d\u00f6n\u00fc\u015ft\u00fcr\u00fclebilir<\/li>\n<\/ul>\n\n\n\n<div class=\"wp-block-wd-divider wd-style-line wd-0b9acde0\"><\/div>\n\n\n\n<h2 class=\"wp-block-wd-title title wd-acd8d97d\">Sineklik Al\u00fcminyum Profil Fiyatlar\u0131<\/h2>\n\n\n\n<p class=\"wp-block-wd-paragraph wd-769e2a9b\"><strong>Sineklik al\u00fcminyum profil fiyatlar\u0131<\/strong>, profil \u00f6l\u00e7\u00fcleri (17&#215;25, 20&#215;40 vb.), et kal\u0131nl\u0131\u011f\u0131, y\u00fczey i\u015flemi (ham, eloksal, toz boya) ve tedarik miktar\u0131na g\u00f6re de\u011fi\u015fir. Ham profil en ekonomik se\u00e7enek olup, eloksall\u0131 ve toz boyal\u0131 profiller ek maliyet gerektirir. Toptan al\u0131mlarda birim fiyat avantaj\u0131 sa\u011flan\u0131r.<\/p>\n\n\n\n<div class=\"wp-block-wd-divider wd-style-line wd-3da8c2ba\"><\/div>\n\n\n\n<h2 class=\"wp-block-wd-title title wd-8a82fddd\">Sineklik \u0130\u00e7in Al\u00fcminyum Profil<\/h2>\n\n\n\n<p class=\"wp-block-wd-paragraph wd-98ce0cd3\"><strong>Sineklik i\u00e7in al\u00fcminyum profil<\/strong>\u00a0se\u00e7erken dikkat edilecek fakt\u00f6rler:<\/p>\n\n\n\n<p class=\"wp-block-wd-paragraph wd-6402c3c2\"><strong>Profil \u00f6l\u00e7\u00fcs\u00fc:<\/strong>\u00a0Standart 17&#215;25 mm profiller yayg\u0131n kullan\u0131l\u0131r. B\u00fcy\u00fck sineklikler i\u00e7in 20&#215;40 mm gibi daha b\u00fcy\u00fck profiller tercih edilmelidir.<\/p>\n\n\n\n<p class=\"wp-block-wd-paragraph wd-25fdc45a\"><strong>Et kal\u0131nl\u0131\u011f\u0131:<\/strong>\u00a01 mm ile 1.5 mm aras\u0131nda de\u011fi\u015fen et kal\u0131nl\u0131klar\u0131, profilin dayan\u0131kl\u0131l\u0131\u011f\u0131n\u0131 etkiler. Daha kal\u0131n profiller daha dayan\u0131kl\u0131d\u0131r.<\/p>\n\n\n\n<p class=\"wp-block-wd-paragraph wd-ef01ceb2\"><strong>Y\u00fczey i\u015flemi:<\/strong>\u00a0Eloksall\u0131 profiller korozyona kar\u015f\u0131 dayan\u0131kl\u0131, metalik g\u00f6r\u00fcn\u00fcml\u00fcd\u00fcr. Toz boyal\u0131 profiller geni\u015f renk se\u00e7ene\u011fi sunar.<\/p>\n\n\n\n<p class=\"wp-block-wd-paragraph wd-47baaa46\"><strong>Kanal yap\u0131s\u0131:<\/strong>\u00a0Profilin sinek teli kanal\u0131, fitil kanal\u0131 ve birle\u015ftirme kanallar\u0131, kullan\u0131lacak aksesuarlara uygun olmal\u0131d\u0131r.<\/p>\n\n\n\n<div class=\"wp-block-wd-divider wd-style-line wd-885f4ea2\"><\/div>\n\n\n\n<h2 class=\"wp-block-wd-title title wd-29579e7d\">Sineklik \u0130\u00e7in Profil<\/h2>\n\n\n\n<p class=\"wp-block-wd-paragraph wd-1c77ff28\"><strong>Sineklik i\u00e7in profil<\/strong>\u00a0se\u00e7enekleri aras\u0131nda al\u00fcminyum ve PVC profiller ba\u015fl\u0131ca tercihlerdir. Al\u00fcminyum profiller dayan\u0131kl\u0131l\u0131k ve uzun \u00f6m\u00fcr a\u00e7\u0131s\u0131ndan \u00f6ne \u00e7\u0131karken, PVC profiller ekonomik \u00e7\u00f6z\u00fcm sunar.<\/p>\n\n\n\n<p class=\"wp-block-wd-paragraph wd-812df5d4\"><strong>Profil se\u00e7iminde dikkat edilecekler:<\/strong><\/p>\n\n\n\n<ul class=\"wp-block-list\">\n<li><strong>Kullan\u0131m amac\u0131:<\/strong>\u00a0Pencere veya kap\u0131 sinekli\u011fi i\u00e7in uygun profil se\u00e7ilmelidir.<\/li>\n\n\n\n<li><strong>\u0130klim ko\u015fullar\u0131:<\/strong>\u00a0Yo\u011fun g\u00fcne\u015f alan b\u00f6lgelerde UV dayan\u0131ml\u0131 profiller tercih edilmelidir.<\/li>\n\n\n\n<li><strong>B\u00fct\u00e7e:<\/strong>\u00a0Uzun vadeli kullan\u0131m i\u00e7in al\u00fcminyum, k\u0131sa vadeli veya d\u00fc\u015f\u00fck b\u00fct\u00e7eli projeler i\u00e7in PVC tercih edilebilir.<\/li>\n\n\n\n<li><strong>Estetik:<\/strong>\u00a0Pencere veya kap\u0131 rengiyle uyumlu renk se\u00e7ilmelidir.<\/li>\n<\/ul>\n\n\n\n<div class=\"wp-block-wd-divider wd-style-line wd-2d418e8f\"><\/div>\n\n\n\n<h2 class=\"wp-block-wd-title title wd-e0a4f25c\">Plise Sineklik Profili<\/h2>\n\n\n\n<p class=\"wp-block-wd-paragraph wd-cfcb12ea\"><strong>Plise sineklik profili<\/strong>, katlan\u0131r (pileli) sineklik sistemlerinde kullan\u0131lan \u00f6zel profillerdir. Plise sineklikler, kullan\u0131lmad\u0131\u011f\u0131nda katlanarak bir kenarda toplanan, estetik ve pratik sineklik \u00e7\u00f6z\u00fcmleridir.<\/p>\n\n\n\n<p class=\"wp-block-wd-paragraph wd-7a4f6d04\"><strong>Plise sineklik profil bile\u015fenleri:<\/strong><\/p>\n\n\n\n<ul class=\"wp-block-list\">\n<li><strong>Kasa profili:<\/strong>\u00a0Plise sinekli\u011fin monte edildi\u011fi ana profildir.<\/li>\n\n\n\n<li><strong>K\u0131zak profili:<\/strong>\u00a0Sinekli\u011fin hareket etti\u011fi ray profilleridir.<\/li>\n\n\n\n<li><strong>Kar\u015f\u0131 profil:<\/strong>\u00a0Sinekli\u011fin kapand\u0131\u011f\u0131 kar\u015f\u0131 taraftaki profildir.<\/li>\n\n\n\n<li><strong>Kulp profili:<\/strong>\u00a0Sinekli\u011fin a\u00e7\u0131l\u0131p kapanmas\u0131n\u0131 sa\u011flayan profildir.<\/li>\n\n\n\n<li><strong>Ara profil:<\/strong>\u00a0Katlanan sineklik kanatlar\u0131 aras\u0131nda kullan\u0131lan profillerdir.<\/li>\n<\/ul>\n\n\n\n<div class=\"wp-block-wd-divider wd-style-line wd-28e434b8\"><\/div>\n\n\n\n<h2 class=\"wp-block-wd-title title wd-280ec711\">Plise Sineklik Avantajlar\u0131<\/h2>\n\n\n\n<p class=\"wp-block-wd-paragraph wd-6fc0a110\"><strong>Plise sineklik profilleri<\/strong>\u00a0ile yap\u0131lan plise sinekliklerin avantajlar\u0131:<\/p>\n\n\n\n<p class=\"wp-block-wd-paragraph wd-fe5f8bd6\"><strong>Yerden tasarruf:<\/strong>\u00a0Kullan\u0131lmad\u0131\u011f\u0131nda katlanarak bir kenarda toplan\u0131r, g\u00f6r\u00fcnt\u00fc kirlili\u011fi olu\u015fturmaz.<\/p>\n\n\n\n<p class=\"wp-block-wd-paragraph wd-4df3053f\"><strong>Estetik g\u00f6r\u00fcn\u00fcm:<\/strong>\u00a0Modern ve \u015f\u0131k bir g\u00f6r\u00fcn\u00fcm sunar, pencere veya kap\u0131n\u0131n g\u00f6r\u00fcn\u00fcm\u00fcn\u00fc bozmaz.<\/p>\n\n\n\n<p class=\"wp-block-wd-paragraph wd-5e96fc69\"><strong>Kolay kullan\u0131m:<\/strong>\u00a0Hafif ve pratik bir kullan\u0131m sunar, kolayca a\u00e7\u0131l\u0131p kapan\u0131r.<\/p>\n\n\n\n<p class=\"wp-block-wd-paragraph wd-a0d92e10\"><strong>Geni\u015f a\u00e7\u0131kl\u0131klar:<\/strong>\u00a0B\u00fcy\u00fck pencere ve kap\u0131lar i\u00e7in ideal \u00e7\u00f6z\u00fcmd\u00fcr.<\/p>\n\n\n\n<p class=\"wp-block-wd-paragraph wd-df22556b\"><strong>Dayan\u0131kl\u0131l\u0131k:<\/strong>\u00a0Kaliteli al\u00fcminyum profiller sayesinde uzun \u00f6m\u00fcrl\u00fc kullan\u0131m sa\u011flar.<\/p>\n\n\n\n<div class=\"wp-block-wd-divider wd-style-line wd-a03c8fdc\"><\/div>\n\n\n\n<h2 class=\"wp-block-wd-title title wd-d6030823\">Sineklik Profili Se\u00e7iminde Dikkat Edilecekler<\/h2>\n\n\n\n<p class=\"wp-block-wd-paragraph wd-3e4566a4\">Projeniz i\u00e7in en uygun sineklik profilini se\u00e7erken \u015fu fakt\u00f6rler de\u011ferlendirilmelidir:<\/p>\n\n\n\n<p class=\"wp-block-wd-paragraph wd-43bf2d63\"><strong>Kullan\u0131m amac\u0131 ve yeri:<\/strong>\u00a0Pencere veya kap\u0131 sinekli\u011fi, i\u00e7 mekan veya d\u0131\u015f mekan kullan\u0131m\u0131, yo\u011fun kullan\u0131m veya seyrek kullan\u0131m.<\/p>\n\n\n\n<p class=\"wp-block-wd-paragraph wd-10263468\"><strong>Profil \u00f6l\u00e7\u00fcs\u00fc:<\/strong>\u00a0Standart 17&#215;25 profiller yayg\u0131n kullan\u0131l\u0131r. B\u00fcy\u00fck sineklikler i\u00e7in 20&#215;40 gibi daha b\u00fcy\u00fck profiller gerekebilir.<\/p>\n\n\n\n<p class=\"wp-block-wd-paragraph wd-5d38b86e\"><strong>Malzeme kalitesi:<\/strong>\u00a0Al\u00fcminyum profiller uzun \u00f6m\u00fcrl\u00fc ve dayan\u0131kl\u0131d\u0131r. PVC profiller daha ekonomiktir ancak daha k\u0131sa \u00f6m\u00fcrl\u00fcd\u00fcr.<\/p>\n\n\n\n<p class=\"wp-block-wd-paragraph wd-675fad6e\"><strong>Y\u00fczey i\u015flemi:<\/strong>\u00a0Eloksall\u0131 profiller korozyona kar\u015f\u0131 dayan\u0131kl\u0131, metalik g\u00f6r\u00fcn\u00fcml\u00fcd\u00fcr. Toz boyal\u0131 profiller geni\u015f renk se\u00e7ene\u011fi sunar.<\/p>\n\n\n\n<p class=\"wp-block-wd-paragraph wd-66b4e408\"><strong>Sistem tipi:<\/strong>\u00a0Sabit, a\u00e7\u0131l\u0131r, s\u00fcrg\u00fcl\u00fc veya plise sistem tercihine g\u00f6re uygun profil se\u00e7ilmelidir.<\/p>\n\n\n\n<p class=\"wp-block-wd-paragraph wd-0db1dd45\"><strong>B\u00fct\u00e7e:<\/strong>\u00a0Proje b\u00fct\u00e7esine uygun profil se\u00e7ilmelidir. Uzun vadeli kullan\u0131m i\u00e7in kaliteli profil daha ekonomik olabilir.<\/p>\n\n\n\n<div class=\"wp-block-wd-divider wd-style-line wd-2d4bd43e\"><\/div>\n\n\n\n<h2 class=\"wp-block-wd-title title wd-a50c7f33\">\u0130leti\u015fim<\/h2>\n\n\n\n<p class=\"wp-block-wd-paragraph wd-545295a5\"><strong>Plise sineklik profil fiyatlar\u0131<\/strong>,\u00a0<strong>PVC sineklik profili<\/strong>,\u00a0<strong>sineklik al\u00fcminyum profil<\/strong>\u00a0ve\u00a0<strong>sineklik i\u00e7in profil<\/strong>\u00a0se\u00e7enekleri hakk\u0131nda daha detayl\u0131 bilgi almak, sineklik \u00fcretiminiz i\u00e7in en uygun profili se\u00e7mek i\u00e7in bizimle ileti\u015fime ge\u00e7ebilirsiniz.<\/p>\n\n\n\n<p class=\"wp-block-wd-paragraph wd-f1447fad\">Uzman ekibimiz, ihtiya\u00e7lar\u0131n\u0131za en uygun sineklik profili \u00e7\u00f6z\u00fcmlerini belirlemenize yard\u0131mc\u0131 olacakt\u0131r.<\/p>\n\n\n\n<p class=\"wp-block-wd-paragraph wd-4aa62d46\"><strong>Bize ula\u015f\u0131n, projenizi birlikte de\u011ferlendirelim.<\/strong><\/p>\n","protected":false},"excerpt":{"rendered":"","protected":false},"author":1,"featured_media":0,"parent":0,"menu_order":0,"comment_status":"closed","ping_status":"closed","template":"","meta":{"footnotes":""},"class_list":["post-20886","page","type-page","status-publish","hentry"],"yoast_head":"<!-- This site is optimized with the Yoast SEO plugin v27.3 - https:\/\/yoast.com\/product\/yoast-seo-wordpress\/ -->\n<title>Plise Sineklik Profil Fiyatlar\u0131 ve PVC Sineklik Profili \u00c7e\u015fitleri<\/title>\n<meta name=\"description\" content=\"Plise sineklik profil fiyatlar\u0131, PVC sineklik profili, al\u00fcminyum sineklik profil ve sineklik i\u00e7in profil hakk\u0131nda bilgi bu rehberde.\" \/>\n<meta name=\"robots\" content=\"index, follow, max-snippet:-1, max-image-preview:large, max-video-preview:-1\" \/>\n<link rel=\"canonical\" href=\"https:\/\/escal.com.tr\/aluminyum-profil\/aluminyum-fiyat-plise-pvc-sineklik-icin-profil\/\" \/>\n<meta property=\"og:locale\" content=\"tr_TR\" \/>\n<meta property=\"og:type\" content=\"article\" \/>\n<meta property=\"og:title\" content=\"Plise Sineklik Profil Fiyatlar\u0131 ve PVC Sineklik Profili \u00c7e\u015fitleri\" \/>\n<meta property=\"og:description\" content=\"Plise sineklik profil fiyatlar\u0131, PVC sineklik profili, al\u00fcminyum sineklik profil ve sineklik i\u00e7in profil hakk\u0131nda bilgi bu rehberde.\" \/>\n<meta property=\"og:url\" content=\"https:\/\/escal.com.tr\/aluminyum-profil\/aluminyum-fiyat-plise-pvc-sineklik-icin-profil\/\" \/>\n<meta property=\"og:site_name\" content=\"Escal | Al\u00fcminyum Profil, Boru, Do\u011frama Sistemleri ve End\u00fcstriyel \u00c7\u00f6z\u00fcmler\" \/>\n<meta property=\"article:modified_time\" content=\"2026-03-13T18:20:36+00:00\" \/>\n<meta name=\"twitter:card\" content=\"summary_large_image\" \/>\n<meta name=\"twitter:label1\" content=\"Tahmini okuma s\u00fcresi\" \/>\n\t<meta name=\"twitter:data1\" content=\"5 dakika\" \/>\n<script type=\"application\/ld+json\" class=\"yoast-schema-graph\">{\"@context\":\"https:\\\/\\\/schema.org\",\"@graph\":[{\"@type\":\"WebPage\",\"@id\":\"https:\\\/\\\/escal.com.tr\\\/aluminyum-profil\\\/aluminyum-fiyat-plise-pvc-sineklik-icin-profil\\\/\",\"url\":\"https:\\\/\\\/escal.com.tr\\\/aluminyum-profil\\\/aluminyum-fiyat-plise-pvc-sineklik-icin-profil\\\/\",\"name\":\"Plise Sineklik Profil Fiyatlar\u0131 ve PVC Sineklik Profili \u00c7e\u015fitleri\",\"isPartOf\":{\"@id\":\"https:\\\/\\\/escal.com.tr\\\/aluminyum-profil\\\/#website\"},\"datePublished\":\"2026-03-13T18:20:35+00:00\",\"dateModified\":\"2026-03-13T18:20:36+00:00\",\"description\":\"Plise sineklik profil fiyatlar\u0131, PVC sineklik profili, al\u00fcminyum sineklik profil ve sineklik i\u00e7in profil hakk\u0131nda bilgi bu rehberde.\",\"breadcrumb\":{\"@id\":\"https:\\\/\\\/escal.com.tr\\\/aluminyum-profil\\\/aluminyum-fiyat-plise-pvc-sineklik-icin-profil\\\/#breadcrumb\"},\"inLanguage\":\"tr\",\"potentialAction\":[{\"@type\":\"ReadAction\",\"target\":[\"https:\\\/\\\/escal.com.tr\\\/aluminyum-profil\\\/aluminyum-fiyat-plise-pvc-sineklik-icin-profil\\\/\"]}]},{\"@type\":\"BreadcrumbList\",\"@id\":\"https:\\\/\\\/escal.com.tr\\\/aluminyum-profil\\\/aluminyum-fiyat-plise-pvc-sineklik-icin-profil\\\/#breadcrumb\",\"itemListElement\":[{\"@type\":\"ListItem\",\"position\":1,\"name\":\"Anasayfa\",\"item\":\"https:\\\/\\\/escal.com.tr\\\/aluminyum-profil\\\/\"},{\"@type\":\"ListItem\",\"position\":2,\"name\":\"Al\u00fcminyum fiyat plise pvc sineklik i\u00e7in profil\"}]},{\"@type\":\"WebSite\",\"@id\":\"https:\\\/\\\/escal.com.tr\\\/aluminyum-profil\\\/#website\",\"url\":\"https:\\\/\\\/escal.com.tr\\\/aluminyum-profil\\\/\",\"name\":\"Escal Al\u00fcminyum Profil ve Mobilya Aksesuar\u0131\",\"description\":\"Escal - Al\u00fcminyum profil, al\u00fcminyum boru, al\u00fcminyum do\u011frama, k\u00f6\u015febent, menfez ve U profil sistemleri. 40x40 profil fiyatlar\u0131 ve teknik \u00e7\u00f6z\u00fcmler.\",\"publisher\":{\"@id\":\"https:\\\/\\\/escal.com.tr\\\/aluminyum-profil\\\/#organization\"},\"alternateName\":\"ESCAL MOB\u0130LYA AKSESUARLARI SAN. T\u0130C. LTD.\u015eT\u0130.\",\"potentialAction\":[{\"@type\":\"SearchAction\",\"target\":{\"@type\":\"EntryPoint\",\"urlTemplate\":\"https:\\\/\\\/escal.com.tr\\\/aluminyum-profil\\\/?s={search_term_string}\"},\"query-input\":{\"@type\":\"PropertyValueSpecification\",\"valueRequired\":true,\"valueName\":\"search_term_string\"}}],\"inLanguage\":\"tr\"},{\"@type\":\"Organization\",\"@id\":\"https:\\\/\\\/escal.com.tr\\\/aluminyum-profil\\\/#organization\",\"name\":\"Escal | Al\u00fcminyum Profil, Boru, Do\u011frama Sistemleri ve End\u00fcstriyel \u00c7\u00f6z\u00fcmler\",\"alternateName\":\"ESCAL MOB\u0130LYA AKSESUARLARI SAN. T\u0130C. LTD.\u015eT\u0130.\",\"url\":\"https:\\\/\\\/escal.com.tr\\\/aluminyum-profil\\\/\",\"logo\":{\"@type\":\"ImageObject\",\"inLanguage\":\"tr\",\"@id\":\"https:\\\/\\\/escal.com.tr\\\/aluminyum-profil\\\/#\\\/schema\\\/logo\\\/image\\\/\",\"url\":\"https:\\\/\\\/escal.com.tr\\\/aluminyum-profil\\\/wp-content\\\/uploads\\\/2023\\\/01\\\/logo-retina.jpg\",\"contentUrl\":\"https:\\\/\\\/escal.com.tr\\\/aluminyum-profil\\\/wp-content\\\/uploads\\\/2023\\\/01\\\/logo-retina.jpg\",\"width\":233,\"height\":65,\"caption\":\"Escal | Al\u00fcminyum Profil, Boru, Do\u011frama Sistemleri ve End\u00fcstriyel \u00c7\u00f6z\u00fcmler\"},\"image\":{\"@id\":\"https:\\\/\\\/escal.com.tr\\\/aluminyum-profil\\\/#\\\/schema\\\/logo\\\/image\\\/\"}}]}<\/script>\n<!-- \/ Yoast SEO plugin. -->","yoast_head_json":{"title":"Plise Sineklik Profil Fiyatlar\u0131 ve PVC Sineklik Profili \u00c7e\u015fitleri","description":"Plise sineklik profil fiyatlar\u0131, PVC sineklik profili, al\u00fcminyum sineklik profil ve sineklik i\u00e7in profil hakk\u0131nda bilgi bu rehberde.","robots":{"index":"index","follow":"follow","max-snippet":"max-snippet:-1","max-image-preview":"max-image-preview:large","max-video-preview":"max-video-preview:-1"},"canonical":"https:\/\/escal.com.tr\/aluminyum-profil\/aluminyum-fiyat-plise-pvc-sineklik-icin-profil\/","og_locale":"tr_TR","og_type":"article","og_title":"Plise Sineklik Profil Fiyatlar\u0131 ve PVC Sineklik Profili \u00c7e\u015fitleri","og_description":"Plise sineklik profil fiyatlar\u0131, PVC sineklik profili, al\u00fcminyum sineklik profil ve sineklik i\u00e7in profil hakk\u0131nda bilgi bu rehberde.","og_url":"https:\/\/escal.com.tr\/aluminyum-profil\/aluminyum-fiyat-plise-pvc-sineklik-icin-profil\/","og_site_name":"Escal | Al\u00fcminyum Profil, Boru, Do\u011frama Sistemleri ve End\u00fcstriyel \u00c7\u00f6z\u00fcmler","article_modified_time":"2026-03-13T18:20:36+00:00","twitter_card":"summary_large_image","twitter_misc":{"Tahmini okuma s\u00fcresi":"5 dakika"},"schema":{"@context":"https:\/\/schema.org","@graph":[{"@type":"WebPage","@id":"https:\/\/escal.com.tr\/aluminyum-profil\/aluminyum-fiyat-plise-pvc-sineklik-icin-profil\/","url":"https:\/\/escal.com.tr\/aluminyum-profil\/aluminyum-fiyat-plise-pvc-sineklik-icin-profil\/","name":"Plise Sineklik Profil Fiyatlar\u0131 ve PVC Sineklik Profili \u00c7e\u015fitleri","isPartOf":{"@id":"https:\/\/escal.com.tr\/aluminyum-profil\/#website"},"datePublished":"2026-03-13T18:20:35+00:00","dateModified":"2026-03-13T18:20:36+00:00","description":"Plise sineklik profil fiyatlar\u0131, PVC sineklik profili, al\u00fcminyum sineklik profil ve sineklik i\u00e7in profil hakk\u0131nda bilgi bu rehberde.","breadcrumb":{"@id":"https:\/\/escal.com.tr\/aluminyum-profil\/aluminyum-fiyat-plise-pvc-sineklik-icin-profil\/#breadcrumb"},"inLanguage":"tr","potentialAction":[{"@type":"ReadAction","target":["https:\/\/escal.com.tr\/aluminyum-profil\/aluminyum-fiyat-plise-pvc-sineklik-icin-profil\/"]}]},{"@type":"BreadcrumbList","@id":"https:\/\/escal.com.tr\/aluminyum-profil\/aluminyum-fiyat-plise-pvc-sineklik-icin-profil\/#breadcrumb","itemListElement":[{"@type":"ListItem","position":1,"name":"Anasayfa","item":"https:\/\/escal.com.tr\/aluminyum-profil\/"},{"@type":"ListItem","position":2,"name":"Al\u00fcminyum fiyat plise pvc sineklik i\u00e7in profil"}]},{"@type":"WebSite","@id":"https:\/\/escal.com.tr\/aluminyum-profil\/#website","url":"https:\/\/escal.com.tr\/aluminyum-profil\/","name":"Escal Al\u00fcminyum Profil ve Mobilya Aksesuar\u0131","description":"Escal - Al\u00fcminyum profil, al\u00fcminyum boru, al\u00fcminyum do\u011frama, k\u00f6\u015febent, menfez ve U profil sistemleri. 40x40 profil fiyatlar\u0131 ve teknik \u00e7\u00f6z\u00fcmler.","publisher":{"@id":"https:\/\/escal.com.tr\/aluminyum-profil\/#organization"},"alternateName":"ESCAL MOB\u0130LYA AKSESUARLARI SAN. T\u0130C. LTD.\u015eT\u0130.","potentialAction":[{"@type":"SearchAction","target":{"@type":"EntryPoint","urlTemplate":"https:\/\/escal.com.tr\/aluminyum-profil\/?s={search_term_string}"},"query-input":{"@type":"PropertyValueSpecification","valueRequired":true,"valueName":"search_term_string"}}],"inLanguage":"tr"},{"@type":"Organization","@id":"https:\/\/escal.com.tr\/aluminyum-profil\/#organization","name":"Escal | Al\u00fcminyum Profil, Boru, Do\u011frama Sistemleri ve End\u00fcstriyel \u00c7\u00f6z\u00fcmler","alternateName":"ESCAL MOB\u0130LYA AKSESUARLARI SAN. T\u0130C. LTD.\u015eT\u0130.","url":"https:\/\/escal.com.tr\/aluminyum-profil\/","logo":{"@type":"ImageObject","inLanguage":"tr","@id":"https:\/\/escal.com.tr\/aluminyum-profil\/#\/schema\/logo\/image\/","url":"https:\/\/escal.com.tr\/aluminyum-profil\/wp-content\/uploads\/2023\/01\/logo-retina.jpg","contentUrl":"https:\/\/escal.com.tr\/aluminyum-profil\/wp-content\/uploads\/2023\/01\/logo-retina.jpg","width":233,"height":65,"caption":"Escal | Al\u00fcminyum Profil, Boru, Do\u011frama Sistemleri ve End\u00fcstriyel \u00c7\u00f6z\u00fcmler"},"image":{"@id":"https:\/\/escal.com.tr\/aluminyum-profil\/#\/schema\/logo\/image\/"}}]}},"_links":{"self":[{"href":"https:\/\/escal.com.tr\/aluminyum-profil\/wp-json\/wp\/v2\/pages\/20886","targetHints":{"allow":["GET"]}}],"collection":[{"href":"https:\/\/escal.com.tr\/aluminyum-profil\/wp-json\/wp\/v2\/pages"}],"about":[{"href":"https:\/\/escal.com.tr\/aluminyum-profil\/wp-json\/wp\/v2\/types\/page"}],"author":[{"embeddable":true,"href":"https:\/\/escal.com.tr\/aluminyum-profil\/wp-json\/wp\/v2\/users\/1"}],"replies":[{"embeddable":true,"href":"https:\/\/escal.com.tr\/aluminyum-profil\/wp-json\/wp\/v2\/comments?post=20886"}],"version-history":[{"count":1,"href":"https:\/\/escal.com.tr\/aluminyum-profil\/wp-json\/wp\/v2\/pages\/20886\/revisions"}],"predecessor-version":[{"id":20887,"href":"https:\/\/escal.com.tr\/aluminyum-profil\/wp-json\/wp\/v2\/pages\/20886\/revisions\/20887"}],"wp:attachment":[{"href":"https:\/\/escal.com.tr\/aluminyum-profil\/wp-json\/wp\/v2\/media?parent=20886"}],"curies":[{"name":"wp","href":"https:\/\/api.w.org\/{rel}","templated":true}]}}