{"id":20864,"date":"2026-03-13T17:41:14","date_gmt":"2026-03-13T17:41:14","guid":{"rendered":"https:\/\/escal.com.tr\/aluminyum-profil\/?page_id=20864"},"modified":"2026-03-13T17:41:15","modified_gmt":"2026-03-13T17:41:15","slug":"kompozit-dusakabin-fiyat-kutu-profil","status":"publish","type":"page","link":"https:\/\/escal.com.tr\/aluminyum-profil\/kompozit-dusakabin-fiyat-kutu-profil\/","title":{"rendered":"Kompozit du\u015fakabin fiyat kutu profil"},"content":{"rendered":"\n<h2 class=\"wp-block-wd-title title wd-cf080f7f\">Kompozit Kutu Profil Nedir?<\/h2>\n\n\n\n<p class=\"wp-block-wd-paragraph wd-3ffb19a0\"><strong>Kompozit kutu profil<\/strong>, cam elyaf takviyeli plastik (CTP) malzemeden \u00fcretilen, i\u00e7i bo\u015f, d\u00f6rt taraf\u0131 kapal\u0131 kare veya dikd\u00f6rtgen kesitli profillerdir. Y\u00fcksek mukavemet, hafiflik ve korozyon direnci gibi \u00fcst\u00fcn \u00f6zellikleri bir arada sunar. Paslanmaz yap\u0131lar\u0131, \u00f6zellikle d\u0131\u015f mekan uygulamalar\u0131nda ve kimyasal tesislerde b\u00fcy\u00fck avantaj sa\u011flar.<\/p>\n\n\n\n<div class=\"wp-block-wd-divider wd-style-line wd-08f31a7c\"><\/div>\n\n\n\n<h2 class=\"wp-block-wd-title title wd-79e3eda2\">Kompozit Kutu Profil \u00c7e\u015fitleri<\/h2>\n\n\n\n<p class=\"wp-block-wd-paragraph wd-b6243b6e\"><strong>Kompozit kutu profiller<\/strong>\u00a0farkl\u0131 \u00f6l\u00e7\u00fc ve et kal\u0131nl\u0131klar\u0131nda \u00fcretilir:<\/p>\n\n\n\n<p class=\"wp-block-wd-paragraph wd-363de6ee\"><strong>Kare kompozit kutu profiller:<\/strong>\u00a030&#215;30 mm, 40&#215;40 mm, 45&#215;45 mm, 50&#215;50 mm, 63&#215;63 mm, 75&#215;75 mm, 100&#215;100 mm gibi \u00f6l\u00e7\u00fclerde ve \u00e7e\u015fitli et kal\u0131nl\u0131klar\u0131nda \u00fcretilir.<\/p>\n\n\n\n<p class=\"wp-block-wd-paragraph wd-cd0d599c\"><strong>Dikd\u00f6rtgen kompozit kutu profiller:<\/strong>\u00a075&#215;40 mm, 80&#215;25 mm, 80&#215;40 mm, 95&#215;50 mm, 100&#215;60 mm, 120&#215;60 mm gibi \u00f6l\u00e7\u00fclerde \u00fcretilir.<\/p>\n\n\n\n<p class=\"wp-block-wd-paragraph wd-d1a2ef10\"><strong>A\u011f\u0131rl\u0131k de\u011ferleri:<\/strong>\u00a0Profil \u00f6l\u00e7\u00fcleri ve et kal\u0131nl\u0131\u011f\u0131na ba\u011fl\u0131 olarak metre a\u011f\u0131rl\u0131klar\u0131 de\u011fi\u015fkenlik g\u00f6sterir. Daha b\u00fcy\u00fck kesitli profiller daha y\u00fcksek a\u011f\u0131rl\u0131\u011fa sahiptir.<\/p>\n\n\n\n<div class=\"wp-block-wd-divider wd-style-line wd-74518fc5\"><\/div>\n\n\n\n<h2 class=\"wp-block-wd-title title wd-b18b8681\">Kompozit Kutu Profil Avantajlar\u0131<\/h2>\n\n\n\n<p class=\"wp-block-wd-paragraph wd-a4861f34\"><strong>Kompozit kutu profiller<\/strong>\u00a0tercih etmenin ba\u015fl\u0131ca avantajlar\u0131:<\/p>\n\n\n\n<p class=\"wp-block-wd-paragraph wd-77cb71a5\"><strong>Korozyon direnci:<\/strong>\u00a0Kimyasal maddelere ve \u00e7evresel etkilere kar\u015f\u0131 son derece dayan\u0131kl\u0131d\u0131r. Paslanmaz yap\u0131lar\u0131, \u00f6zellikle d\u0131\u015f mekan uygulamalar\u0131nda b\u00fcy\u00fck avantaj sa\u011flar.<\/p>\n\n\n\n<p class=\"wp-block-wd-paragraph wd-dec3de70\"><strong>Hafiflik:<\/strong>\u00a0Metal alternatiflerine g\u00f6re \u00e7ok daha hafif olan kompozit profiller, ta\u015f\u0131ma ve montaj i\u015flemlerini kolayla\u015ft\u0131r\u0131r.<\/p>\n\n\n\n<p class=\"wp-block-wd-paragraph wd-afbcab62\"><strong>Y\u00fcksek mukavemet:<\/strong>\u00a0Cam elyaf\u0131 ile g\u00fc\u00e7lendirilmi\u015f yap\u0131s\u0131 sayesinde, kompozit kutu profiller y\u00fcksek mukavemet ve dayan\u0131kl\u0131l\u0131k sunar.<\/p>\n\n\n\n<p class=\"wp-block-wd-paragraph wd-439a83a4\"><strong>UV ve hava ko\u015fullar\u0131na dayan\u0131kl\u0131l\u0131k:<\/strong>\u00a0UV \u0131\u015f\u0131nlar\u0131na ve zorlu hava ko\u015fullar\u0131na kar\u015f\u0131 dayan\u0131kl\u0131d\u0131r, uzun \u00f6m\u00fcrl\u00fc kullan\u0131m sa\u011flar.<\/p>\n\n\n\n<p class=\"wp-block-wd-paragraph wd-dfdc47fb\"><strong>D\u00fc\u015f\u00fck bak\u0131m gereksinimi:<\/strong>\u00a0Korozyona dayan\u0131kl\u0131 yap\u0131s\u0131 sayesinde minimal bak\u0131m gerektirir.<\/p>\n\n\n\n<div class=\"wp-block-wd-divider wd-style-line wd-48c8021e\"><\/div>\n\n\n\n<h2 class=\"wp-block-wd-title title wd-b4bb4c7b\">Du\u015fakabin Kutu Profil<\/h2>\n\n\n\n<p class=\"wp-block-wd-paragraph wd-5e0f066c\"><strong>Du\u015fakabin kutu profili<\/strong>, du\u015fakabin sistemlerinde alt kutu profili (baza) olarak kullan\u0131lan, tekerleklerin g\u00fcvenli \u00e7al\u0131\u015fmas\u0131n\u0131 sa\u011flayan \u00f6zel profil \u00e7e\u015fidir. Al\u00fcminyum veya kompozit malzemeden \u00fcretilebilir. Du\u015fakabinlerde ray profilleri kap\u0131 tekerleklerinin hareket etti\u011fi \u00fcst ve alt k\u0131s\u0131mlard\u0131r. Duvar profilleri kabini duvara sabitler ve su s\u0131z\u0131nt\u0131s\u0131n\u0131 \u00f6nler.<\/p>\n\n\n\n<p class=\"wp-block-wd-paragraph wd-b77cdd42\"><strong>Al\u00fcminyum du\u015fakabin profilleri<\/strong>, banyolara modern ve dayan\u0131kl\u0131 bir \u00e7\u00f6z\u00fcm sunar. Hafif ve dayan\u0131kl\u0131 yap\u0131s\u0131 ile al\u00fcminyum, du\u015fakabinlerin uzun s\u00fcreli kullan\u0131m\u0131n\u0131 garanti eder. Suya, neme ve paslanmaya kar\u015f\u0131 diren\u00e7li oldu\u011fu i\u00e7in banyo gibi y\u00fcksek nemli ortamlarda m\u00fckemmel performans g\u00f6sterir.<\/p>\n\n\n\n<div class=\"wp-block-wd-divider wd-style-line wd-a4f36de4\"><\/div>\n\n\n\n<h2 class=\"wp-block-wd-title title wd-ea50c800\">Kompozit Kutu Profil Fiyatlar\u0131<\/h2>\n\n\n\n<p class=\"wp-block-wd-paragraph wd-15fa06ac\"><strong>Kompozit kutu profil fiyatlar\u0131<\/strong>\u00a0\u00fczerinde etkili olan ba\u015fl\u0131ca fakt\u00f6rler:<\/p>\n\n\n\n<p class=\"wp-block-wd-paragraph wd-532ef121\"><strong>Profil \u00f6l\u00e7\u00fcleri ve et kal\u0131nl\u0131\u011f\u0131:<\/strong>\u00a0Daha b\u00fcy\u00fck kesitli ve kal\u0131n cidarl\u0131 profiller daha fazla malzeme i\u00e7erdi\u011finden maliyeti artar. 30&#215;30 mm profiller, 100&#215;100 mm profillere g\u00f6re daha ekonomiktir.<\/p>\n\n\n\n<p class=\"wp-block-wd-paragraph wd-77a8627c\"><strong>Malzeme bile\u015fimi:<\/strong>\u00a0Cam elyaf oran\u0131, re\u00e7ine tipi fiyat\u0131 belirler. Y\u00fcksek performansl\u0131 malzemeler daha y\u00fcksek maliyetlidir.<\/p>\n\n\n\n<p class=\"wp-block-wd-paragraph wd-7ea7e68e\"><strong>\u00dcretim y\u00f6ntemi:<\/strong>\u00a0Pultr\u00fczyon y\u00f6ntemiyle \u00fcretilen profiller, y\u00fcksek kalite ve tutarl\u0131l\u0131k sunar.<\/p>\n\n\n\n<p class=\"wp-block-wd-paragraph wd-24a3473c\"><strong>Tedarik miktar\u0131:<\/strong>\u00a0Toptan al\u0131mlarda birim fiyat avantaj\u0131 sa\u011flan\u0131r. Perakende sat\u0131\u015flarda fiyat farkl\u0131l\u0131k g\u00f6sterebilir.<\/p>\n\n\n\n<div class=\"wp-block-wd-divider wd-style-line wd-bc1190dd\"><\/div>\n\n\n\n<h2 class=\"wp-block-wd-title title wd-2018b44c\">Kompozit Kutu Profil Kullan\u0131m Alanlar\u0131<\/h2>\n\n\n\n<p class=\"wp-block-wd-paragraph wd-81320e78\"><strong>Kompozit kutu profiller<\/strong>\u00a0pek \u00e7ok alanda yayg\u0131n olarak kullan\u0131l\u0131r:<\/p>\n\n\n\n<p class=\"wp-block-wd-paragraph wd-a20e5f52\"><strong>\u0130n\u015faat ve altyap\u0131 projelerinde<\/strong>\u00a0k\u00f6pr\u00fcler, t\u00fcneller ve bina iskeletlerinde yap\u0131sal destek elemanlar\u0131 olarak kullan\u0131l\u0131r. \u00c7at\u0131larda ve korkuluklarda g\u00fcvenlik ve dayan\u0131kl\u0131l\u0131k sa\u011flar.<\/p>\n\n\n\n<p class=\"wp-block-wd-paragraph wd-73292202\"><strong>Denizcilik ve gemi in\u015fas\u0131nda<\/strong>\u00a0tuzlu suya ve zorlu deniz ko\u015fullar\u0131na kar\u015f\u0131 dayan\u0131kl\u0131l\u0131\u011f\u0131 sayesinde, tekneler, yatlar ve di\u011fer deniz ara\u00e7lar\u0131nda \u00e7e\u015fitli yap\u0131sal uygulamalarda kullan\u0131l\u0131r.<\/p>\n\n\n\n<p class=\"wp-block-wd-paragraph wd-9d580feb\"><strong>End\u00fcstriyel tesislerde<\/strong>\u00a0kimya, petrokimya ve di\u011fer a\u011f\u0131r sanayi uygulamalar\u0131nda, korozyon direnci ve y\u00fcksek mukavemeti ile \u00f6ne \u00e7\u0131kar. Depolama raflar\u0131 ve g\u00fcvenlik platformlar\u0131nda kullan\u0131l\u0131r.<\/p>\n\n\n\n<p class=\"wp-block-wd-paragraph wd-c62a8536\"><strong>D\u0131\u015f mekan uygulamalar\u0131nda<\/strong>\u00a0parklar, bah\u00e7eler ve di\u011fer d\u0131\u015f mekan alanlar\u0131nda, dekoratif ve yap\u0131sal elemanlar olarak kullan\u0131l\u0131r.<\/p>\n\n\n\n<div class=\"wp-block-wd-divider wd-style-line wd-f9ea2f0d\"><\/div>\n\n\n\n<h2 class=\"wp-block-wd-title title wd-718f1ed0\">Du\u015fakabin Profili Se\u00e7iminde Dikkat Edilecekler<\/h2>\n\n\n\n<p class=\"wp-block-wd-paragraph wd-21b7c2eb\"><strong>Du\u015fakabin profili<\/strong>\u00a0se\u00e7iminde \u015fu fakt\u00f6rler de\u011ferlendirilmelidir:<\/p>\n\n\n\n<p class=\"wp-block-wd-paragraph wd-b5273aa0\"><strong>Profil kalitesi ve dayan\u0131kl\u0131l\u0131k:<\/strong>\u00a0Y\u00fcksek kaliteli al\u00fcminyum profiller, neme ve suya kar\u015f\u0131 \u00fcst\u00fcn diren\u00e7 g\u00f6sterir, uzun y\u0131llar sorunsuz kullan\u0131m sa\u011flar.<\/p>\n\n\n\n<p class=\"wp-block-wd-paragraph wd-26e40add\"><strong>Profil kal\u0131nl\u0131\u011f\u0131 ve tasar\u0131m\u0131:<\/strong>\u00a0Daha kal\u0131n ve sa\u011flam yap\u0131l\u0131 profiller, cam panellerin daha g\u00fcvenli monte edilmesine yard\u0131mc\u0131 olur.<\/p>\n\n\n\n<p class=\"wp-block-wd-paragraph wd-283505e4\"><strong>Renk ve y\u00fczey i\u015flemi:<\/strong>\u00a0Profilin rengi banyodaki di\u011fer aksesuarlarla uyumlu olmal\u0131d\u0131r. Nikel, krom, eloksal gibi \u00e7e\u015fitli kaplamalarla \u00fcretilir.<\/p>\n\n\n\n<p class=\"wp-block-wd-paragraph wd-08d5af8d\"><strong>Sistem tipi:<\/strong>\u00a0A\u00e7\u0131k veya kapal\u0131 ray sistemlerinden uygun olan\u0131 se\u00e7ilmelidir.<\/p>\n\n\n\n<div class=\"wp-block-wd-divider wd-style-line wd-c361fb02\"><\/div>\n\n\n\n<h2 class=\"wp-block-wd-title title wd-1c9dd4e4\">\u0130leti\u015fim<\/h2>\n\n\n\n<p class=\"wp-block-wd-paragraph wd-caadbc32\"><strong>Kompozit kutu profil<\/strong>\u00a0\u00e7e\u015fitleri ve\u00a0<strong>du\u015fakabin kutu profil<\/strong>\u00a0se\u00e7enekleri ile fiyatlar\u0131 hakk\u0131nda daha detayl\u0131 bilgi almak, projeniz i\u00e7in en uygun profil se\u00e7imini yapmak i\u00e7in bizimle ileti\u015fime ge\u00e7ebilirsiniz.<\/p>\n\n\n\n<p class=\"wp-block-wd-paragraph wd-2b4147e1\">Uzman ekibimiz, ihtiya\u00e7lar\u0131n\u0131za en uygun kompozit kutu profil \u00e7\u00f6z\u00fcmlerini belirlemenize yard\u0131mc\u0131 olacak, \u00f6l\u00e7\u00fc, et kal\u0131nl\u0131\u011f\u0131 ve malzeme se\u00e7iminde teknik destek sa\u011flayacakt\u0131r.<\/p>\n\n\n\n<p class=\"wp-block-wd-paragraph wd-1ec3dbb6\"><strong>Bize ula\u015f\u0131n, projenizi birlikte de\u011ferlendirelim.<\/strong><\/p>\n","protected":false},"excerpt":{"rendered":"","protected":false},"author":1,"featured_media":0,"parent":0,"menu_order":0,"comment_status":"closed","ping_status":"closed","template":"","meta":{"footnotes":""},"class_list":["post-20864","page","type-page","status-publish","hentry"],"yoast_head":"<!-- This site is optimized with the Yoast SEO plugin v27.3 - https:\/\/yoast.com\/product\/yoast-seo-wordpress\/ -->\n<title>Kompozit Kutu Profil \u00c7e\u015fitleri ve Du\u015fakabin Kutu Profil Fiyatlar\u0131<\/title>\n<meta name=\"description\" content=\"Kompozit kutu profil \u00e7e\u015fitleri, \u00f6zellikleri ve du\u015fakabin kutu profil kullan\u0131m alanlar\u0131 hakk\u0131nda bilgi bu rehberde.\" \/>\n<meta name=\"robots\" content=\"index, follow, max-snippet:-1, max-image-preview:large, max-video-preview:-1\" \/>\n<link rel=\"canonical\" href=\"https:\/\/escal.com.tr\/aluminyum-profil\/kompozit-dusakabin-fiyat-kutu-profil\/\" \/>\n<meta property=\"og:locale\" content=\"tr_TR\" \/>\n<meta property=\"og:type\" content=\"article\" \/>\n<meta property=\"og:title\" content=\"Kompozit Kutu Profil \u00c7e\u015fitleri ve Du\u015fakabin Kutu Profil Fiyatlar\u0131\" \/>\n<meta property=\"og:description\" content=\"Kompozit kutu profil \u00e7e\u015fitleri, \u00f6zellikleri ve du\u015fakabin kutu profil kullan\u0131m alanlar\u0131 hakk\u0131nda bilgi bu rehberde.\" \/>\n<meta property=\"og:url\" content=\"https:\/\/escal.com.tr\/aluminyum-profil\/kompozit-dusakabin-fiyat-kutu-profil\/\" \/>\n<meta property=\"og:site_name\" content=\"Escal | Al\u00fcminyum Profil, Boru, Do\u011frama Sistemleri ve End\u00fcstriyel \u00c7\u00f6z\u00fcmler\" \/>\n<meta property=\"article:modified_time\" content=\"2026-03-13T17:41:15+00:00\" \/>\n<meta name=\"twitter:card\" content=\"summary_large_image\" \/>\n<meta name=\"twitter:label1\" content=\"Tahmini okuma s\u00fcresi\" \/>\n\t<meta name=\"twitter:data1\" content=\"4 dakika\" \/>\n<script type=\"application\/ld+json\" class=\"yoast-schema-graph\">{\"@context\":\"https:\\\/\\\/schema.org\",\"@graph\":[{\"@type\":\"WebPage\",\"@id\":\"https:\\\/\\\/escal.com.tr\\\/aluminyum-profil\\\/kompozit-dusakabin-fiyat-kutu-profil\\\/\",\"url\":\"https:\\\/\\\/escal.com.tr\\\/aluminyum-profil\\\/kompozit-dusakabin-fiyat-kutu-profil\\\/\",\"name\":\"Kompozit Kutu Profil \u00c7e\u015fitleri ve Du\u015fakabin Kutu Profil Fiyatlar\u0131\",\"isPartOf\":{\"@id\":\"https:\\\/\\\/escal.com.tr\\\/aluminyum-profil\\\/#website\"},\"datePublished\":\"2026-03-13T17:41:14+00:00\",\"dateModified\":\"2026-03-13T17:41:15+00:00\",\"description\":\"Kompozit kutu profil \u00e7e\u015fitleri, \u00f6zellikleri ve du\u015fakabin kutu profil kullan\u0131m alanlar\u0131 hakk\u0131nda bilgi bu rehberde.\",\"breadcrumb\":{\"@id\":\"https:\\\/\\\/escal.com.tr\\\/aluminyum-profil\\\/kompozit-dusakabin-fiyat-kutu-profil\\\/#breadcrumb\"},\"inLanguage\":\"tr\",\"potentialAction\":[{\"@type\":\"ReadAction\",\"target\":[\"https:\\\/\\\/escal.com.tr\\\/aluminyum-profil\\\/kompozit-dusakabin-fiyat-kutu-profil\\\/\"]}]},{\"@type\":\"BreadcrumbList\",\"@id\":\"https:\\\/\\\/escal.com.tr\\\/aluminyum-profil\\\/kompozit-dusakabin-fiyat-kutu-profil\\\/#breadcrumb\",\"itemListElement\":[{\"@type\":\"ListItem\",\"position\":1,\"name\":\"Anasayfa\",\"item\":\"https:\\\/\\\/escal.com.tr\\\/aluminyum-profil\\\/\"},{\"@type\":\"ListItem\",\"position\":2,\"name\":\"Kompozit du\u015fakabin fiyat kutu profil\"}]},{\"@type\":\"WebSite\",\"@id\":\"https:\\\/\\\/escal.com.tr\\\/aluminyum-profil\\\/#website\",\"url\":\"https:\\\/\\\/escal.com.tr\\\/aluminyum-profil\\\/\",\"name\":\"Escal Al\u00fcminyum Profil ve Mobilya Aksesuar\u0131\",\"description\":\"Escal - Al\u00fcminyum profil, al\u00fcminyum boru, al\u00fcminyum do\u011frama, k\u00f6\u015febent, menfez ve U profil sistemleri. 40x40 profil fiyatlar\u0131 ve teknik \u00e7\u00f6z\u00fcmler.\",\"publisher\":{\"@id\":\"https:\\\/\\\/escal.com.tr\\\/aluminyum-profil\\\/#organization\"},\"alternateName\":\"ESCAL MOB\u0130LYA AKSESUARLARI SAN. T\u0130C. LTD.\u015eT\u0130.\",\"potentialAction\":[{\"@type\":\"SearchAction\",\"target\":{\"@type\":\"EntryPoint\",\"urlTemplate\":\"https:\\\/\\\/escal.com.tr\\\/aluminyum-profil\\\/?s={search_term_string}\"},\"query-input\":{\"@type\":\"PropertyValueSpecification\",\"valueRequired\":true,\"valueName\":\"search_term_string\"}}],\"inLanguage\":\"tr\"},{\"@type\":\"Organization\",\"@id\":\"https:\\\/\\\/escal.com.tr\\\/aluminyum-profil\\\/#organization\",\"name\":\"Escal | Al\u00fcminyum Profil, Boru, Do\u011frama Sistemleri ve End\u00fcstriyel \u00c7\u00f6z\u00fcmler\",\"alternateName\":\"ESCAL MOB\u0130LYA AKSESUARLARI SAN. T\u0130C. LTD.\u015eT\u0130.\",\"url\":\"https:\\\/\\\/escal.com.tr\\\/aluminyum-profil\\\/\",\"logo\":{\"@type\":\"ImageObject\",\"inLanguage\":\"tr\",\"@id\":\"https:\\\/\\\/escal.com.tr\\\/aluminyum-profil\\\/#\\\/schema\\\/logo\\\/image\\\/\",\"url\":\"https:\\\/\\\/escal.com.tr\\\/aluminyum-profil\\\/wp-content\\\/uploads\\\/2023\\\/01\\\/logo-retina.jpg\",\"contentUrl\":\"https:\\\/\\\/escal.com.tr\\\/aluminyum-profil\\\/wp-content\\\/uploads\\\/2023\\\/01\\\/logo-retina.jpg\",\"width\":233,\"height\":65,\"caption\":\"Escal | Al\u00fcminyum Profil, Boru, Do\u011frama Sistemleri ve End\u00fcstriyel \u00c7\u00f6z\u00fcmler\"},\"image\":{\"@id\":\"https:\\\/\\\/escal.com.tr\\\/aluminyum-profil\\\/#\\\/schema\\\/logo\\\/image\\\/\"}}]}<\/script>\n<!-- \/ Yoast SEO plugin. -->","yoast_head_json":{"title":"Kompozit Kutu Profil \u00c7e\u015fitleri ve Du\u015fakabin Kutu Profil Fiyatlar\u0131","description":"Kompozit kutu profil \u00e7e\u015fitleri, \u00f6zellikleri ve du\u015fakabin kutu profil kullan\u0131m alanlar\u0131 hakk\u0131nda bilgi bu rehberde.","robots":{"index":"index","follow":"follow","max-snippet":"max-snippet:-1","max-image-preview":"max-image-preview:large","max-video-preview":"max-video-preview:-1"},"canonical":"https:\/\/escal.com.tr\/aluminyum-profil\/kompozit-dusakabin-fiyat-kutu-profil\/","og_locale":"tr_TR","og_type":"article","og_title":"Kompozit Kutu Profil \u00c7e\u015fitleri ve Du\u015fakabin Kutu Profil Fiyatlar\u0131","og_description":"Kompozit kutu profil \u00e7e\u015fitleri, \u00f6zellikleri ve du\u015fakabin kutu profil kullan\u0131m alanlar\u0131 hakk\u0131nda bilgi bu rehberde.","og_url":"https:\/\/escal.com.tr\/aluminyum-profil\/kompozit-dusakabin-fiyat-kutu-profil\/","og_site_name":"Escal | Al\u00fcminyum Profil, Boru, Do\u011frama Sistemleri ve End\u00fcstriyel \u00c7\u00f6z\u00fcmler","article_modified_time":"2026-03-13T17:41:15+00:00","twitter_card":"summary_large_image","twitter_misc":{"Tahmini okuma s\u00fcresi":"4 dakika"},"schema":{"@context":"https:\/\/schema.org","@graph":[{"@type":"WebPage","@id":"https:\/\/escal.com.tr\/aluminyum-profil\/kompozit-dusakabin-fiyat-kutu-profil\/","url":"https:\/\/escal.com.tr\/aluminyum-profil\/kompozit-dusakabin-fiyat-kutu-profil\/","name":"Kompozit Kutu Profil \u00c7e\u015fitleri ve Du\u015fakabin Kutu Profil Fiyatlar\u0131","isPartOf":{"@id":"https:\/\/escal.com.tr\/aluminyum-profil\/#website"},"datePublished":"2026-03-13T17:41:14+00:00","dateModified":"2026-03-13T17:41:15+00:00","description":"Kompozit kutu profil \u00e7e\u015fitleri, \u00f6zellikleri ve du\u015fakabin kutu profil kullan\u0131m alanlar\u0131 hakk\u0131nda bilgi bu rehberde.","breadcrumb":{"@id":"https:\/\/escal.com.tr\/aluminyum-profil\/kompozit-dusakabin-fiyat-kutu-profil\/#breadcrumb"},"inLanguage":"tr","potentialAction":[{"@type":"ReadAction","target":["https:\/\/escal.com.tr\/aluminyum-profil\/kompozit-dusakabin-fiyat-kutu-profil\/"]}]},{"@type":"BreadcrumbList","@id":"https:\/\/escal.com.tr\/aluminyum-profil\/kompozit-dusakabin-fiyat-kutu-profil\/#breadcrumb","itemListElement":[{"@type":"ListItem","position":1,"name":"Anasayfa","item":"https:\/\/escal.com.tr\/aluminyum-profil\/"},{"@type":"ListItem","position":2,"name":"Kompozit du\u015fakabin fiyat kutu profil"}]},{"@type":"WebSite","@id":"https:\/\/escal.com.tr\/aluminyum-profil\/#website","url":"https:\/\/escal.com.tr\/aluminyum-profil\/","name":"Escal Al\u00fcminyum Profil ve Mobilya Aksesuar\u0131","description":"Escal - Al\u00fcminyum profil, al\u00fcminyum boru, al\u00fcminyum do\u011frama, k\u00f6\u015febent, menfez ve U profil sistemleri. 40x40 profil fiyatlar\u0131 ve teknik \u00e7\u00f6z\u00fcmler.","publisher":{"@id":"https:\/\/escal.com.tr\/aluminyum-profil\/#organization"},"alternateName":"ESCAL MOB\u0130LYA AKSESUARLARI SAN. T\u0130C. LTD.\u015eT\u0130.","potentialAction":[{"@type":"SearchAction","target":{"@type":"EntryPoint","urlTemplate":"https:\/\/escal.com.tr\/aluminyum-profil\/?s={search_term_string}"},"query-input":{"@type":"PropertyValueSpecification","valueRequired":true,"valueName":"search_term_string"}}],"inLanguage":"tr"},{"@type":"Organization","@id":"https:\/\/escal.com.tr\/aluminyum-profil\/#organization","name":"Escal | Al\u00fcminyum Profil, Boru, Do\u011frama Sistemleri ve End\u00fcstriyel \u00c7\u00f6z\u00fcmler","alternateName":"ESCAL MOB\u0130LYA AKSESUARLARI SAN. T\u0130C. LTD.\u015eT\u0130.","url":"https:\/\/escal.com.tr\/aluminyum-profil\/","logo":{"@type":"ImageObject","inLanguage":"tr","@id":"https:\/\/escal.com.tr\/aluminyum-profil\/#\/schema\/logo\/image\/","url":"https:\/\/escal.com.tr\/aluminyum-profil\/wp-content\/uploads\/2023\/01\/logo-retina.jpg","contentUrl":"https:\/\/escal.com.tr\/aluminyum-profil\/wp-content\/uploads\/2023\/01\/logo-retina.jpg","width":233,"height":65,"caption":"Escal | Al\u00fcminyum Profil, Boru, Do\u011frama Sistemleri ve End\u00fcstriyel \u00c7\u00f6z\u00fcmler"},"image":{"@id":"https:\/\/escal.com.tr\/aluminyum-profil\/#\/schema\/logo\/image\/"}}]}},"_links":{"self":[{"href":"https:\/\/escal.com.tr\/aluminyum-profil\/wp-json\/wp\/v2\/pages\/20864","targetHints":{"allow":["GET"]}}],"collection":[{"href":"https:\/\/escal.com.tr\/aluminyum-profil\/wp-json\/wp\/v2\/pages"}],"about":[{"href":"https:\/\/escal.com.tr\/aluminyum-profil\/wp-json\/wp\/v2\/types\/page"}],"author":[{"embeddable":true,"href":"https:\/\/escal.com.tr\/aluminyum-profil\/wp-json\/wp\/v2\/users\/1"}],"replies":[{"embeddable":true,"href":"https:\/\/escal.com.tr\/aluminyum-profil\/wp-json\/wp\/v2\/comments?post=20864"}],"version-history":[{"count":1,"href":"https:\/\/escal.com.tr\/aluminyum-profil\/wp-json\/wp\/v2\/pages\/20864\/revisions"}],"predecessor-version":[{"id":20865,"href":"https:\/\/escal.com.tr\/aluminyum-profil\/wp-json\/wp\/v2\/pages\/20864\/revisions\/20865"}],"wp:attachment":[{"href":"https:\/\/escal.com.tr\/aluminyum-profil\/wp-json\/wp\/v2\/media?parent=20864"}],"curies":[{"name":"wp","href":"https:\/\/api.w.org\/{rel}","templated":true}]}}